{"id":152,"date":"2012-05-01T08:00:31","date_gmt":"2012-05-01T06:00:31","guid":{"rendered":"http:\/\/xn--hundesalon-raffitckisch-spc.de\/wordpress\/?page_id=152"},"modified":"2018-05-30T07:45:13","modified_gmt":"2018-05-30T05:45:13","slug":"152-2","status":"publish","type":"page","link":"https:\/\/hundesalon-raffit\u00fcckisch.de\/wordpress\/?page_id=152","title":{"rendered":"Preise"},"content":{"rendered":"<table style=\"height: 316px; text-align: left; width: 888px\" cellspacing=\"2\" cellpadding=\"2\" bgcolor=\"#ffffff\" border=\"0\">\n<tbody>\n<tr>\n<td style=\"vertical-align: top\">&nbsp;<\/td>\n<td style=\"vertical-align: top; text-align: left\"><a href=\"http:\/\/xn--hundesalon-raffitckisch-spc.de\/wordpress\/?attachment_id=594\" rel=\"attachment wp-att-594\"><img loading=\"lazy\" decoding=\"async\" title=\"Preise\" class=\"alignleft size-medium wp-image-594\" alt=\"\" src=\"http:\/\/xn--hundesalon-raffitckisch-spc.de\/wordpress\/wp-content\/uploads\/2012\/03\/Preise-klein-300x297.jpg\" width=\"300\" height=\"297\" srcset=\"https:\/\/xn--hundesalon-raffitckisch-spc.de\/wordpress\/wp-content\/uploads\/2012\/03\/Preise-klein-300x297.jpg 300w, https:\/\/xn--hundesalon-raffitckisch-spc.de\/wordpress\/wp-content\/uploads\/2012\/03\/Preise-klein-150x150.jpg 150w, https:\/\/xn--hundesalon-raffitckisch-spc.de\/wordpress\/wp-content\/uploads\/2012\/03\/Preise-klein.jpg 500w\" sizes=\"auto, (max-width: 300px) 100vw, 300px\" \/><\/a><\/td>\n<td style=\"vertical-align: top\"><span style=\"font-family: arial,helvetica,sans-serif; color: #000000\"><span style=\"font-size: 13px\"><strong>Preise<br \/><\/strong><\/span><\/span><span style=\"font-family: arial,helvetica,sans-serif; color: #000000\"><span style=\"font-size: 13px\">Jeder Hund ist so individuell wie die Pflege die f\u00fcr ihn zu&nbsp; erbringen ist.<br \/>Aus diesem Grund berechne ich meine&nbsp; Leistungen nach tats\u00e4chlichem Aufwand.<\/span><\/span><font face=\"Arial\"> <br \/><span style=\"font-size: 13px; color: #000000\">Nur so kann ich jedem Kunden preislich gerecht werden und f\u00fcr eine professionelle, <\/span><\/font><span style=\"font-size: 13px; color: #000000\"><font face=\"Arial\">dem Hund angepasste, Pflege garantieren.<\/font>&nbsp;<\/span>  <\/p>\n<p>&nbsp;<\/p>\n<ul style=\"list-style-type: square\">\n<li><span style=\"color: #ff0000\"><a href=\"http:\/\/hundesalon-raffit&uuml;ckisch.de\/wordpress\/?page_id=141\"><span style=\"font-size: 13px; font-family: arial,helvetica,sans-serif; color: #ff0000\">Leistungen<\/span><\/a><\/span> <\/li>\n<\/ul>\n<\/td>\n<\/tr>\n<\/tbody>\n<\/table>\n<p style=\"text-align: center\"><span style=\"font-size: 13px\"><strong><span style=\"font-family: arial,helvetica,sans-serif\"><small><small><span style=\"font-size: 13px\">Ihr Hundesalon <span style=\"color: #ff0000\"><em>Raffit\u00fcckisch<\/em><\/span> steht f\u00fcr individuelle Leistungen zu angemessenen Preisen!<br \/><\/span><\/small><\/small><\/span><\/strong><\/span><\/p>\n","protected":false},"excerpt":{"rendered":"<p>&nbsp; PreiseJeder Hund ist so individuell wie die Pflege die f\u00fcr ihn zu&nbsp; erbringen ist.Aus diesem Grund berechne ich meine&nbsp; Leistungen nach tats\u00e4chlichem Aufwand. Nur so kann ich jedem Kunden preislich gerecht werden und f\u00fcr eine professionelle, dem Hund angepasste, &hellip; <a href=\"https:\/\/hundesalon-raffit\u00fcckisch.de\/wordpress\/?page_id=152\">Weiterlesen <span class=\"meta-nav\">&rarr;<\/span><\/a><\/p>\n","protected":false},"author":1,"featured_media":0,"parent":141,"menu_order":0,"comment_status":"closed","ping_status":"closed","template":"onecolumn-page.php","meta":{"ngg_post_thumbnail":0,"footnotes":""},"class_list":["post-152","page","type-page","status-publish","hentry"],"_links":{"self":[{"href":"https:\/\/hundesalon-raffit\u00fcckisch.de\/wordpress\/index.php?rest_route=\/wp\/v2\/pages\/152","targetHints":{"allow":["GET"]}}],"collection":[{"href":"https:\/\/hundesalon-raffit\u00fcckisch.de\/wordpress\/index.php?rest_route=\/wp\/v2\/pages"}],"about":[{"href":"https:\/\/hundesalon-raffit\u00fcckisch.de\/wordpress\/index.php?rest_route=\/wp\/v2\/types\/page"}],"author":[{"embeddable":true,"href":"https:\/\/hundesalon-raffit\u00fcckisch.de\/wordpress\/index.php?rest_route=\/wp\/v2\/users\/1"}],"replies":[{"embeddable":true,"href":"https:\/\/hundesalon-raffit\u00fcckisch.de\/wordpress\/index.php?rest_route=%2Fwp%2Fv2%2Fcomments&post=152"}],"version-history":[{"count":76,"href":"https:\/\/hundesalon-raffit\u00fcckisch.de\/wordpress\/index.php?rest_route=\/wp\/v2\/pages\/152\/revisions"}],"predecessor-version":[{"id":1134,"href":"https:\/\/hundesalon-raffit\u00fcckisch.de\/wordpress\/index.php?rest_route=\/wp\/v2\/pages\/152\/revisions\/1134"}],"up":[{"embeddable":true,"href":"https:\/\/hundesalon-raffit\u00fcckisch.de\/wordpress\/index.php?rest_route=\/wp\/v2\/pages\/141"}],"wp:attachment":[{"href":"https:\/\/hundesalon-raffit\u00fcckisch.de\/wordpress\/index.php?rest_route=%2Fwp%2Fv2%2Fmedia&parent=152"}],"curies":[{"name":"wp","href":"https:\/\/api.w.org\/{rel}","templated":true}]}}